{"id":6865,"date":"2022-10-21T13:47:07","date_gmt":"2022-10-21T10:47:07","guid":{"rendered":"https:\/\/tdcenter.org\/?page_id=6865"},"modified":"2025-10-22T14:07:56","modified_gmt":"2025-10-22T11:07:56","slug":"infographics","status":"publish","type":"page","link":"https:\/\/tdcenter.org\/es\/infographics\/","title":{"rendered":"Infograf\u00eda"},"content":{"rendered":"<div data-elementor-type=\"wp-page\" data-elementor-id=\"6865\" class=\"elementor elementor-6865\" data-elementor-post-type=\"page\">\n\t\t\t\t\t\t<section class=\"elementor-section elementor-top-section elementor-element elementor-element-6dee762 elementor-section-boxed elementor-section-height-default elementor-section-height-default\" data-id=\"6dee762\" data-element_type=\"section\" data-settings=\"{&quot;ekit_has_onepagescroll_dot&quot;:&quot;yes&quot;}\">\n\t\t\t\t\t\t<div class=\"elementor-container elementor-column-gap-default\">\n\t\t\t\t\t<div class=\"elementor-column elementor-col-100 elementor-top-column elementor-element elementor-element-aea4970\" data-id=\"aea4970\" data-element_type=\"column\">\n\t\t\t<div class=\"elementor-widget-wrap elementor-element-populated\">\n\t\t\t\t\t\t<div class=\"elementor-element elementor-element-e595f25 elementor-widget elementor-widget-heading\" data-id=\"e595f25\" data-element_type=\"widget\" data-settings=\"{&quot;ekit_we_effect_on&quot;:&quot;none&quot;}\" data-widget_type=\"heading.default\">\n\t\t\t\t<div class=\"elementor-widget-container\">\n\t\t\t\t\t<h2 class=\"elementor-heading-title elementor-size-default\">INFOGRAF\u00cdA<\/h2>\t\t\t\t<\/div>\n\t\t\t\t<\/div>\n\t\t\t\t\t<\/div>\n\t\t<\/div>\n\t\t\t\t\t<\/div>\n\t\t<\/section>\n\t\t\t\t<section class=\"elementor-section elementor-top-section elementor-element elementor-element-7b8977a elementor-section-boxed elementor-section-height-default elementor-section-height-default\" data-id=\"7b8977a\" data-element_type=\"section\" data-settings=\"{&quot;ekit_has_onepagescroll_dot&quot;:&quot;yes&quot;}\" data-no-translation=\"\">\n\t\t\t\t\t\t<div class=\"elementor-container elementor-column-gap-default\">\n\t\t\t\t\t<div class=\"elementor-column elementor-col-100 elementor-top-column elementor-element elementor-element-0a5c5c2\" data-id=\"0a5c5c2\" data-element_type=\"column\">\n\t\t\t<div class=\"elementor-widget-wrap elementor-element-populated\">\n\t\t\t\t\t\t<div class=\"elementor-element elementor-element-65d15e2 elementor-grid-eael-col-3 elementor-grid-tablet-eael-col-2 elementor-grid-mobile-eael-col-1 elementor-widget elementor-widget-eael-post-grid\" data-id=\"65d15e2\" data-element_type=\"widget\" data-settings=\"{&quot;eael_post_grid_columns&quot;:&quot;eael-col-3&quot;,&quot;eael_post_grid_columns_tablet&quot;:&quot;eael-col-2&quot;,&quot;eael_post_grid_columns_mobile&quot;:&quot;eael-col-1&quot;,&quot;ekit_we_effect_on&quot;:&quot;none&quot;}\" data-widget_type=\"eael-post-grid.default\">\n\t\t\t\t<div class=\"elementor-widget-container\">\n\t\t\t\t\t<div id=\"eael-post-grid-65d15e2\" class=\"eael-post-grid-container\">\n            <div class=\"eael-post-grid eael-post-appender eael-post-appender-65d15e2 eael-post-grid-style-two\" data-layout-mode=\"grid\"><article class=\"eael-grid-post eael-post-grid-column\" data-id=\"34935\">\n    <div class=\"eael-grid-post-holder\">\n        <div class=\"eael-grid-post-holder-inner\"><div class=\"eael-entry-media\"><div class=\"eael-entry-overlay fade-in\"><i class=\"fas fa-long-arrow-alt-right\" aria-hidden=\"true\"><\/i><a href=\"https:\/\/tdcenter.org\/es\/2026\/03\/06\/los-ninos-ucranianos-durante-la-guerra\/\"><\/a><\/div><div class=\"eael-entry-thumbnail eael-image-ratio\">\n                            <img fetchpriority=\"high\" decoding=\"async\" width=\"768\" height=\"432\" src=\"https:\/\/tdcenter.org\/wp-content\/uploads\/2026\/02\/TDC_Los_ninos_ucranianos_durante_la_guerra-768x432.jpg\" class=\"attachment-medium_large size-medium_large wp-image-34699\" alt=\"\" srcset=\"https:\/\/tdcenter.org\/wp-content\/uploads\/2026\/02\/TDC_Los_ninos_ucranianos_durante_la_guerra-768x432.jpg 768w, https:\/\/tdcenter.org\/wp-content\/uploads\/2026\/02\/TDC_Los_ninos_ucranianos_durante_la_guerra-600x338.jpg 600w, https:\/\/tdcenter.org\/wp-content\/uploads\/2026\/02\/TDC_Los_ninos_ucranianos_durante_la_guerra-1024x576.jpg 1024w, https:\/\/tdcenter.org\/wp-content\/uploads\/2026\/02\/TDC_Los_ninos_ucranianos_durante_la_guerra-1536x864.jpg 1536w, https:\/\/tdcenter.org\/wp-content\/uploads\/2026\/02\/TDC_Los_ninos_ucranianos_durante_la_guerra-18x10.jpg 18w, https:\/\/tdcenter.org\/wp-content\/uploads\/2026\/02\/TDC_Los_ninos_ucranianos_durante_la_guerra.jpg 1920w\" sizes=\"(max-width: 768px) 100vw, 768px\" \/>\n                            <\/div>\n                    <\/div><div class=\"eael-entry-wrapper\"><header class=\"eael-entry-header\"><h2 class=\"eael-entry-title\"><a class=\"eael-grid-post-link\" href=\"https:\/\/tdcenter.org\/es\/2026\/03\/06\/los-ninos-ucranianos-durante-la-guerra\/\" title=\"Los ni\u00f1os ucranianos durante la guerra\">Los ni\u00f1os ucranianos durante la guerra<\/a><\/h2><\/header><div class=\"eael-entry-header-after style-two\"><div class=\"eael-entry-meta\"><span class=\"eael-meta-posted-on\"><i class=\"far fa-clock\"><\/i><time datetime=\"marzo 6, 2026\">marzo 6, 2026<\/time><\/span><\/div><\/div><\/div><\/div>\n    <\/div>\n<\/article><article class=\"eael-grid-post eael-post-grid-column\" data-id=\"34937\">\n    <div class=\"eael-grid-post-holder\">\n        <div class=\"eael-grid-post-holder-inner\"><div class=\"eael-entry-media\"><div class=\"eael-entry-overlay fade-in\"><i class=\"fas fa-long-arrow-alt-right\" aria-hidden=\"true\"><\/i><a href=\"https:\/\/tdcenter.org\/es\/2026\/02\/13\/la-economia-y-el-sistema-energetico-de-ucrania\/\"><\/a><\/div><div class=\"eael-entry-thumbnail eael-image-ratio\">\n                            <img decoding=\"async\" width=\"768\" height=\"432\" src=\"https:\/\/tdcenter.org\/wp-content\/uploads\/2026\/01\/TDC_Economia-y-sistema-energetico-de-Ucrania-768x432.png\" class=\"attachment-medium_large size-medium_large wp-image-34268\" alt=\"\" srcset=\"https:\/\/tdcenter.org\/wp-content\/uploads\/2026\/01\/TDC_Economia-y-sistema-energetico-de-Ucrania-768x432.png 768w, https:\/\/tdcenter.org\/wp-content\/uploads\/2026\/01\/TDC_Economia-y-sistema-energetico-de-Ucrania-600x338.png 600w, https:\/\/tdcenter.org\/wp-content\/uploads\/2026\/01\/TDC_Economia-y-sistema-energetico-de-Ucrania-1024x576.png 1024w, https:\/\/tdcenter.org\/wp-content\/uploads\/2026\/01\/TDC_Economia-y-sistema-energetico-de-Ucrania-1536x864.png 1536w, https:\/\/tdcenter.org\/wp-content\/uploads\/2026\/01\/TDC_Economia-y-sistema-energetico-de-Ucrania-18x10.png 18w, https:\/\/tdcenter.org\/wp-content\/uploads\/2026\/01\/TDC_Economia-y-sistema-energetico-de-Ucrania.png 1920w\" sizes=\"(max-width: 768px) 100vw, 768px\" \/>\n                            <\/div>\n                    <\/div><div class=\"eael-entry-wrapper\"><header class=\"eael-entry-header\"><h2 class=\"eael-entry-title\"><a class=\"eael-grid-post-link\" href=\"https:\/\/tdcenter.org\/es\/2026\/02\/13\/la-economia-y-el-sistema-energetico-de-ucrania\/\" title=\"La econom\u00eda y el sistema energ\u00e9tico de Ucrania\">La econom\u00eda y el sistema energ\u00e9tico de Ucrania<\/a><\/h2><\/header><div class=\"eael-entry-header-after style-two\"><div class=\"eael-entry-meta\"><span class=\"eael-meta-posted-on\"><i class=\"far fa-clock\"><\/i><time datetime=\"febrero 13, 2026\">febrero 13, 2026<\/time><\/span><\/div><\/div><\/div><\/div>\n    <\/div>\n<\/article><article class=\"eael-grid-post eael-post-grid-column\" data-id=\"33610\">\n    <div class=\"eael-grid-post-holder\">\n        <div class=\"eael-grid-post-holder-inner\"><div class=\"eael-entry-media\"><div class=\"eael-entry-overlay fade-in\"><i class=\"fas fa-long-arrow-alt-right\" aria-hidden=\"true\"><\/i><a href=\"https:\/\/tdcenter.org\/es\/2025\/12\/04\/como-los-ucranianos-consumen-y-confian-en-la-informacion\/\"><\/a><\/div><div class=\"eael-entry-thumbnail eael-image-ratio\">\n                            <img decoding=\"async\" width=\"768\" height=\"432\" src=\"https:\/\/tdcenter.org\/wp-content\/uploads\/2025\/11\/TDC_Como-los-ucranianos-consumen-y-confian-en-la-informacion-768x432.png\" class=\"attachment-medium_large size-medium_large wp-image-33176\" alt=\"\" srcset=\"https:\/\/tdcenter.org\/wp-content\/uploads\/2025\/11\/TDC_Como-los-ucranianos-consumen-y-confian-en-la-informacion-768x432.png 768w, https:\/\/tdcenter.org\/wp-content\/uploads\/2025\/11\/TDC_Como-los-ucranianos-consumen-y-confian-en-la-informacion-600x338.png 600w, https:\/\/tdcenter.org\/wp-content\/uploads\/2025\/11\/TDC_Como-los-ucranianos-consumen-y-confian-en-la-informacion-1024x576.png 1024w, https:\/\/tdcenter.org\/wp-content\/uploads\/2025\/11\/TDC_Como-los-ucranianos-consumen-y-confian-en-la-informacion-1536x864.png 1536w, https:\/\/tdcenter.org\/wp-content\/uploads\/2025\/11\/TDC_Como-los-ucranianos-consumen-y-confian-en-la-informacion-18x10.png 18w, https:\/\/tdcenter.org\/wp-content\/uploads\/2025\/11\/TDC_Como-los-ucranianos-consumen-y-confian-en-la-informacion.png 1920w\" sizes=\"(max-width: 768px) 100vw, 768px\" \/>\n                            <\/div>\n                    <\/div><div class=\"eael-entry-wrapper\"><header class=\"eael-entry-header\"><h2 class=\"eael-entry-title\"><a class=\"eael-grid-post-link\" href=\"https:\/\/tdcenter.org\/es\/2025\/12\/04\/como-los-ucranianos-consumen-y-confian-en-la-informacion\/\" title=\"C\u00f3mo los ucranianos consumen y conf\u00edan en la informaci\u00f3n\">C\u00f3mo los ucranianos consumen y conf\u00edan en la informaci\u00f3n<\/a><\/h2><\/header><div class=\"eael-entry-header-after style-two\"><div class=\"eael-entry-meta\"><span class=\"eael-meta-posted-on\"><i class=\"far fa-clock\"><\/i><time datetime=\"diciembre 4, 2025\">diciembre 4, 2025<\/time><\/span><\/div><\/div><\/div><\/div>\n    <\/div>\n<\/article><article class=\"eael-grid-post eael-post-grid-column\" data-id=\"33608\">\n    <div class=\"eael-grid-post-holder\">\n        <div class=\"eael-grid-post-holder-inner\"><div class=\"eael-entry-media\"><div class=\"eael-entry-overlay fade-in\"><i class=\"fas fa-long-arrow-alt-right\" aria-hidden=\"true\"><\/i><a href=\"https:\/\/tdcenter.org\/es\/2025\/10\/30\/la-economia-de-ucrania-durante-la-guerra\/\"><\/a><\/div><div class=\"eael-entry-thumbnail eael-image-ratio\">\n                            <img loading=\"lazy\" decoding=\"async\" width=\"768\" height=\"432\" src=\"https:\/\/tdcenter.org\/wp-content\/uploads\/2025\/10\/TDC_La-economia-de-Ucrania-durante-la-guerra-768x432.png\" class=\"attachment-medium_large size-medium_large wp-image-32706\" alt=\"\" srcset=\"https:\/\/tdcenter.org\/wp-content\/uploads\/2025\/10\/TDC_La-economia-de-Ucrania-durante-la-guerra-768x432.png 768w, https:\/\/tdcenter.org\/wp-content\/uploads\/2025\/10\/TDC_La-economia-de-Ucrania-durante-la-guerra-600x338.png 600w, https:\/\/tdcenter.org\/wp-content\/uploads\/2025\/10\/TDC_La-economia-de-Ucrania-durante-la-guerra-1024x576.png 1024w, https:\/\/tdcenter.org\/wp-content\/uploads\/2025\/10\/TDC_La-economia-de-Ucrania-durante-la-guerra-1536x864.png 1536w, https:\/\/tdcenter.org\/wp-content\/uploads\/2025\/10\/TDC_La-economia-de-Ucrania-durante-la-guerra-18x10.png 18w, https:\/\/tdcenter.org\/wp-content\/uploads\/2025\/10\/TDC_La-economia-de-Ucrania-durante-la-guerra.png 1920w\" sizes=\"(max-width: 768px) 100vw, 768px\" \/>\n                            <\/div>\n                    <\/div><div class=\"eael-entry-wrapper\"><header class=\"eael-entry-header\"><h2 class=\"eael-entry-title\"><a class=\"eael-grid-post-link\" href=\"https:\/\/tdcenter.org\/es\/2025\/10\/30\/la-economia-de-ucrania-durante-la-guerra\/\" title=\"La econom\u00eda de Ucrania durante la guerra\">La econom\u00eda de Ucrania durante la guerra<\/a><\/h2><\/header><div class=\"eael-entry-header-after style-two\"><div class=\"eael-entry-meta\"><span class=\"eael-meta-posted-on\"><i class=\"far fa-clock\"><\/i><time datetime=\"octubre 30, 2025\">octubre 30, 2025<\/time><\/span><\/div><\/div><\/div><\/div>\n    <\/div>\n<\/article><article class=\"eael-grid-post eael-post-grid-column\" data-id=\"32254\">\n    <div class=\"eael-grid-post-holder\">\n        <div class=\"eael-grid-post-holder-inner\"><div class=\"eael-entry-media\"><div class=\"eael-entry-overlay fade-in\"><i class=\"fas fa-long-arrow-alt-right\" aria-hidden=\"true\"><\/i><a href=\"https:\/\/tdcenter.org\/es\/2025\/09\/04\/la-economia-de-rusia-bajo-sancciones\/\"><\/a><\/div><div class=\"eael-entry-thumbnail eael-image-ratio\">\n                            <img loading=\"lazy\" decoding=\"async\" width=\"768\" height=\"432\" src=\"https:\/\/tdcenter.org\/wp-content\/uploads\/2025\/08\/TDC_La-Economia-de-Rusia-bajo-Sancciones-768x432.png\" class=\"attachment-medium_large size-medium_large wp-image-32049\" alt=\"\" srcset=\"https:\/\/tdcenter.org\/wp-content\/uploads\/2025\/08\/TDC_La-Economia-de-Rusia-bajo-Sancciones-768x432.png 768w, https:\/\/tdcenter.org\/wp-content\/uploads\/2025\/08\/TDC_La-Economia-de-Rusia-bajo-Sancciones-600x338.png 600w, https:\/\/tdcenter.org\/wp-content\/uploads\/2025\/08\/TDC_La-Economia-de-Rusia-bajo-Sancciones-1024x576.png 1024w, https:\/\/tdcenter.org\/wp-content\/uploads\/2025\/08\/TDC_La-Economia-de-Rusia-bajo-Sancciones-1536x864.png 1536w, https:\/\/tdcenter.org\/wp-content\/uploads\/2025\/08\/TDC_La-Economia-de-Rusia-bajo-Sancciones-18x10.png 18w, https:\/\/tdcenter.org\/wp-content\/uploads\/2025\/08\/TDC_La-Economia-de-Rusia-bajo-Sancciones.png 1920w\" sizes=\"(max-width: 768px) 100vw, 768px\" \/>\n                            <\/div>\n                    <\/div><div class=\"eael-entry-wrapper\"><header class=\"eael-entry-header\"><h2 class=\"eael-entry-title\"><a class=\"eael-grid-post-link\" href=\"https:\/\/tdcenter.org\/es\/2025\/09\/04\/la-economia-de-rusia-bajo-sancciones\/\" title=\"La Econom\u00eda de Rusia bajo Sancciones\">La Econom\u00eda de Rusia bajo Sancciones<\/a><\/h2><\/header><div class=\"eael-entry-header-after style-two\"><div class=\"eael-entry-meta\"><span class=\"eael-meta-posted-on\"><i class=\"far fa-clock\"><\/i><time datetime=\"septiembre 4, 2025\">septiembre 4, 2025<\/time><\/span><\/div><\/div><\/div><\/div>\n    <\/div>\n<\/article><article class=\"eael-grid-post eael-post-grid-column\" data-id=\"32067\">\n    <div class=\"eael-grid-post-holder\">\n        <div class=\"eael-grid-post-holder-inner\"><div class=\"eael-entry-media\"><div class=\"eael-entry-overlay fade-in\"><i class=\"fas fa-long-arrow-alt-right\" aria-hidden=\"true\"><\/i><a href=\"https:\/\/tdcenter.org\/es\/2025\/08\/21\/esfuerzos-anticorrupcion-en-ucrania\/\"><\/a><\/div><div class=\"eael-entry-thumbnail eael-image-ratio\">\n                            <img loading=\"lazy\" decoding=\"async\" width=\"768\" height=\"432\" src=\"https:\/\/tdcenter.org\/wp-content\/uploads\/2025\/08\/TDC_Esfuerzos-Anticorrupcion-en-Ucrania-768x432.png\" class=\"attachment-medium_large size-medium_large wp-image-31468\" alt=\"\" srcset=\"https:\/\/tdcenter.org\/wp-content\/uploads\/2025\/08\/TDC_Esfuerzos-Anticorrupcion-en-Ucrania-768x432.png 768w, https:\/\/tdcenter.org\/wp-content\/uploads\/2025\/08\/TDC_Esfuerzos-Anticorrupcion-en-Ucrania-600x338.png 600w, https:\/\/tdcenter.org\/wp-content\/uploads\/2025\/08\/TDC_Esfuerzos-Anticorrupcion-en-Ucrania-1024x576.png 1024w, https:\/\/tdcenter.org\/wp-content\/uploads\/2025\/08\/TDC_Esfuerzos-Anticorrupcion-en-Ucrania-1536x864.png 1536w, https:\/\/tdcenter.org\/wp-content\/uploads\/2025\/08\/TDC_Esfuerzos-Anticorrupcion-en-Ucrania-18x10.png 18w, https:\/\/tdcenter.org\/wp-content\/uploads\/2025\/08\/TDC_Esfuerzos-Anticorrupcion-en-Ucrania.png 1920w\" sizes=\"(max-width: 768px) 100vw, 768px\" \/>\n                            <\/div>\n                    <\/div><div class=\"eael-entry-wrapper\"><header class=\"eael-entry-header\"><h2 class=\"eael-entry-title\"><a class=\"eael-grid-post-link\" href=\"https:\/\/tdcenter.org\/es\/2025\/08\/21\/esfuerzos-anticorrupcion-en-ucrania\/\" title=\"Esfuerzos Anticorrupci\u00f3n en Ucrania\">Esfuerzos Anticorrupci\u00f3n en Ucrania<\/a><\/h2><\/header><div class=\"eael-entry-header-after style-two\"><div class=\"eael-entry-meta\"><span class=\"eael-meta-posted-on\"><i class=\"far fa-clock\"><\/i><time datetime=\"agosto 21, 2025\">agosto 21, 2025<\/time><\/span><\/div><\/div><\/div><\/div>\n    <\/div>\n<\/article><article class=\"eael-grid-post eael-post-grid-column\" data-id=\"31970\">\n    <div class=\"eael-grid-post-holder\">\n        <div class=\"eael-grid-post-holder-inner\"><div class=\"eael-entry-media\"><div class=\"eael-entry-overlay fade-in\"><i class=\"fas fa-long-arrow-alt-right\" aria-hidden=\"true\"><\/i><a href=\"https:\/\/tdcenter.org\/es\/2025\/08\/07\/asalto-a-kyiv-danos-victimas-y-alertas-en-2025\/\"><\/a><\/div><div class=\"eael-entry-thumbnail eael-image-ratio\">\n                            <img loading=\"lazy\" decoding=\"async\" width=\"768\" height=\"432\" src=\"https:\/\/tdcenter.org\/wp-content\/uploads\/2025\/07\/TDC_Asalto-a-Kyiv-Danos-Victimas-y-Alertas-en-2025-768x432.png\" class=\"attachment-medium_large size-medium_large wp-image-30234\" alt=\"\" srcset=\"https:\/\/tdcenter.org\/wp-content\/uploads\/2025\/07\/TDC_Asalto-a-Kyiv-Danos-Victimas-y-Alertas-en-2025-768x432.png 768w, https:\/\/tdcenter.org\/wp-content\/uploads\/2025\/07\/TDC_Asalto-a-Kyiv-Danos-Victimas-y-Alertas-en-2025-600x338.png 600w, https:\/\/tdcenter.org\/wp-content\/uploads\/2025\/07\/TDC_Asalto-a-Kyiv-Danos-Victimas-y-Alertas-en-2025-1024x576.png 1024w, https:\/\/tdcenter.org\/wp-content\/uploads\/2025\/07\/TDC_Asalto-a-Kyiv-Danos-Victimas-y-Alertas-en-2025-1536x864.png 1536w, https:\/\/tdcenter.org\/wp-content\/uploads\/2025\/07\/TDC_Asalto-a-Kyiv-Danos-Victimas-y-Alertas-en-2025-18x10.png 18w, https:\/\/tdcenter.org\/wp-content\/uploads\/2025\/07\/TDC_Asalto-a-Kyiv-Danos-Victimas-y-Alertas-en-2025.png 1920w\" sizes=\"(max-width: 768px) 100vw, 768px\" \/>\n                            <\/div>\n                    <\/div><div class=\"eael-entry-wrapper\"><header class=\"eael-entry-header\"><h2 class=\"eael-entry-title\"><a class=\"eael-grid-post-link\" href=\"https:\/\/tdcenter.org\/es\/2025\/08\/07\/asalto-a-kyiv-danos-victimas-y-alertas-en-2025\/\" title=\"Asalto a Kyiv: Da\u00f1os, V\u00edctimas y Alertas en 2025\">Asalto a Kyiv: Da\u00f1os, V\u00edctimas y Alertas en 2025<\/a><\/h2><\/header><div class=\"eael-entry-header-after style-two\"><div class=\"eael-entry-meta\"><span class=\"eael-meta-posted-on\"><i class=\"far fa-clock\"><\/i><time datetime=\"agosto 7, 2025\">agosto 7, 2025<\/time><\/span><\/div><\/div><\/div><\/div>\n    <\/div>\n<\/article><article class=\"eael-grid-post eael-post-grid-column\" data-id=\"31968\">\n    <div class=\"eael-grid-post-holder\">\n        <div class=\"eael-grid-post-holder-inner\"><div class=\"eael-entry-media\"><div class=\"eael-entry-overlay fade-in\"><i class=\"fas fa-long-arrow-alt-right\" aria-hidden=\"true\"><\/i><a href=\"https:\/\/tdcenter.org\/es\/2025\/07\/24\/el-papel-unico-de-la-ayuda-militar-de-ee-uu\/\"><\/a><\/div><div class=\"eael-entry-thumbnail eael-image-ratio\">\n                            <img loading=\"lazy\" decoding=\"async\" width=\"768\" height=\"432\" src=\"https:\/\/tdcenter.org\/wp-content\/uploads\/2025\/07\/TDC_El_papel_unico_de_la_ayuda_militar_de_EE.\u202fUU-768x432.png\" class=\"attachment-medium_large size-medium_large wp-image-30017\" alt=\"\" srcset=\"https:\/\/tdcenter.org\/wp-content\/uploads\/2025\/07\/TDC_El_papel_unico_de_la_ayuda_militar_de_EE.\u202fUU-768x432.png 768w, https:\/\/tdcenter.org\/wp-content\/uploads\/2025\/07\/TDC_El_papel_unico_de_la_ayuda_militar_de_EE.\u202fUU-600x338.png 600w, https:\/\/tdcenter.org\/wp-content\/uploads\/2025\/07\/TDC_El_papel_unico_de_la_ayuda_militar_de_EE.\u202fUU-1024x576.png 1024w, https:\/\/tdcenter.org\/wp-content\/uploads\/2025\/07\/TDC_El_papel_unico_de_la_ayuda_militar_de_EE.\u202fUU-1536x864.png 1536w, https:\/\/tdcenter.org\/wp-content\/uploads\/2025\/07\/TDC_El_papel_unico_de_la_ayuda_militar_de_EE.\u202fUU-18x10.png 18w, https:\/\/tdcenter.org\/wp-content\/uploads\/2025\/07\/TDC_El_papel_unico_de_la_ayuda_militar_de_EE.\u202fUU.png 1920w\" sizes=\"(max-width: 768px) 100vw, 768px\" \/>\n                            <\/div>\n                    <\/div><div class=\"eael-entry-wrapper\"><header class=\"eael-entry-header\"><h2 class=\"eael-entry-title\"><a class=\"eael-grid-post-link\" href=\"https:\/\/tdcenter.org\/es\/2025\/07\/24\/el-papel-unico-de-la-ayuda-militar-de-ee-uu\/\" title=\"El Papel \u00danico de la Ayuda Militar de EE. UU.\">El Papel \u00danico de la Ayuda Militar de EE. UU.<\/a><\/h2><\/header><div class=\"eael-entry-header-after style-two\"><div class=\"eael-entry-meta\"><span class=\"eael-meta-posted-on\"><i class=\"far fa-clock\"><\/i><time datetime=\"julio 24, 2025\">julio 24, 2025<\/time><\/span><\/div><\/div><\/div><\/div>\n    <\/div>\n<\/article><article class=\"eael-grid-post eael-post-grid-column\" data-id=\"31964\">\n    <div class=\"eael-grid-post-holder\">\n        <div class=\"eael-grid-post-holder-inner\"><div class=\"eael-entry-media\"><div class=\"eael-entry-overlay fade-in\"><i class=\"fas fa-long-arrow-alt-right\" aria-hidden=\"true\"><\/i><a href=\"https:\/\/tdcenter.org\/es\/2025\/07\/10\/alianza-militar-entre-rusia-y-corea-del-norte\/\"><\/a><\/div><div class=\"eael-entry-thumbnail eael-image-ratio\">\n                            <img loading=\"lazy\" decoding=\"async\" width=\"768\" height=\"432\" src=\"https:\/\/tdcenter.org\/wp-content\/uploads\/2025\/08\/TDC_Alianza-Militar-entre-Rusia-y-Corea-del-Norte-768x432.png\" class=\"attachment-medium_large size-medium_large wp-image-31965\" alt=\"\" srcset=\"https:\/\/tdcenter.org\/wp-content\/uploads\/2025\/08\/TDC_Alianza-Militar-entre-Rusia-y-Corea-del-Norte-768x432.png 768w, https:\/\/tdcenter.org\/wp-content\/uploads\/2025\/08\/TDC_Alianza-Militar-entre-Rusia-y-Corea-del-Norte-600x338.png 600w, https:\/\/tdcenter.org\/wp-content\/uploads\/2025\/08\/TDC_Alianza-Militar-entre-Rusia-y-Corea-del-Norte-1024x576.png 1024w, https:\/\/tdcenter.org\/wp-content\/uploads\/2025\/08\/TDC_Alianza-Militar-entre-Rusia-y-Corea-del-Norte-1536x864.png 1536w, https:\/\/tdcenter.org\/wp-content\/uploads\/2025\/08\/TDC_Alianza-Militar-entre-Rusia-y-Corea-del-Norte-18x10.png 18w, https:\/\/tdcenter.org\/wp-content\/uploads\/2025\/08\/TDC_Alianza-Militar-entre-Rusia-y-Corea-del-Norte.png 1920w\" sizes=\"(max-width: 768px) 100vw, 768px\" \/>\n                            <\/div>\n                    <\/div><div class=\"eael-entry-wrapper\"><header class=\"eael-entry-header\"><h2 class=\"eael-entry-title\"><a class=\"eael-grid-post-link\" href=\"https:\/\/tdcenter.org\/es\/2025\/07\/10\/alianza-militar-entre-rusia-y-corea-del-norte\/\" title=\"Alianza Militar entre Rusia y Corea del Norte\">Alianza Militar entre Rusia y Corea del Norte<\/a><\/h2><\/header><div class=\"eael-entry-header-after style-two\"><div class=\"eael-entry-meta\"><span class=\"eael-meta-posted-on\"><i class=\"far fa-clock\"><\/i><time datetime=\"julio 10, 2025\">julio 10, 2025<\/time><\/span><\/div><\/div><\/div><\/div>\n    <\/div>\n<\/article><article class=\"eael-grid-post eael-post-grid-column\" data-id=\"31962\">\n    <div class=\"eael-grid-post-holder\">\n        <div class=\"eael-grid-post-holder-inner\"><div class=\"eael-entry-media\"><div class=\"eael-entry-overlay fade-in\"><i class=\"fas fa-long-arrow-alt-right\" aria-hidden=\"true\"><\/i><a href=\"https:\/\/tdcenter.org\/es\/2025\/06\/26\/drones-ucranianos-en-la-guerra\/\"><\/a><\/div><div class=\"eael-entry-thumbnail eael-image-ratio\">\n                            <img loading=\"lazy\" decoding=\"async\" width=\"768\" height=\"432\" src=\"https:\/\/tdcenter.org\/wp-content\/uploads\/2025\/06\/TDC_Drones-Ucranianos-en-la-Guerra-768x432.png\" class=\"attachment-medium_large size-medium_large wp-image-29677\" alt=\"\" srcset=\"https:\/\/tdcenter.org\/wp-content\/uploads\/2025\/06\/TDC_Drones-Ucranianos-en-la-Guerra-768x432.png 768w, https:\/\/tdcenter.org\/wp-content\/uploads\/2025\/06\/TDC_Drones-Ucranianos-en-la-Guerra-600x338.png 600w, https:\/\/tdcenter.org\/wp-content\/uploads\/2025\/06\/TDC_Drones-Ucranianos-en-la-Guerra-1024x576.png 1024w, https:\/\/tdcenter.org\/wp-content\/uploads\/2025\/06\/TDC_Drones-Ucranianos-en-la-Guerra-1536x864.png 1536w, https:\/\/tdcenter.org\/wp-content\/uploads\/2025\/06\/TDC_Drones-Ucranianos-en-la-Guerra-18x10.png 18w, https:\/\/tdcenter.org\/wp-content\/uploads\/2025\/06\/TDC_Drones-Ucranianos-en-la-Guerra.png 1920w\" sizes=\"(max-width: 768px) 100vw, 768px\" \/>\n                            <\/div>\n                    <\/div><div class=\"eael-entry-wrapper\"><header class=\"eael-entry-header\"><h2 class=\"eael-entry-title\"><a class=\"eael-grid-post-link\" href=\"https:\/\/tdcenter.org\/es\/2025\/06\/26\/drones-ucranianos-en-la-guerra\/\" title=\"Drones Ucranianos en la Guerra\">Drones Ucranianos en la Guerra<\/a><\/h2><\/header><div class=\"eael-entry-header-after style-two\"><div class=\"eael-entry-meta\"><span class=\"eael-meta-posted-on\"><i class=\"far fa-clock\"><\/i><time datetime=\"junio 26, 2025\">junio 26, 2025<\/time><\/span><\/div><\/div><\/div><\/div>\n    <\/div>\n<\/article><article class=\"eael-grid-post eael-post-grid-column\" data-id=\"29713\">\n    <div class=\"eael-grid-post-holder\">\n        <div class=\"eael-grid-post-holder-inner\"><div class=\"eael-entry-media\"><div class=\"eael-entry-overlay fade-in\"><i class=\"fas fa-long-arrow-alt-right\" aria-hidden=\"true\"><\/i><a href=\"https:\/\/tdcenter.org\/es\/2025\/06\/12\/crecemiento-del-sector-de-defensa-de-ucrania\/\"><\/a><\/div><div class=\"eael-entry-thumbnail eael-image-ratio\">\n                            <img loading=\"lazy\" decoding=\"async\" width=\"768\" height=\"432\" src=\"https:\/\/tdcenter.org\/wp-content\/uploads\/2025\/06\/TDC_Crecemiento-del-Sector-de-Defensa-de-Ucrania-768x432.png\" class=\"attachment-medium_large size-medium_large wp-image-29714\" alt=\"\" srcset=\"https:\/\/tdcenter.org\/wp-content\/uploads\/2025\/06\/TDC_Crecemiento-del-Sector-de-Defensa-de-Ucrania-768x432.png 768w, https:\/\/tdcenter.org\/wp-content\/uploads\/2025\/06\/TDC_Crecemiento-del-Sector-de-Defensa-de-Ucrania-600x338.png 600w, https:\/\/tdcenter.org\/wp-content\/uploads\/2025\/06\/TDC_Crecemiento-del-Sector-de-Defensa-de-Ucrania-1024x576.png 1024w, https:\/\/tdcenter.org\/wp-content\/uploads\/2025\/06\/TDC_Crecemiento-del-Sector-de-Defensa-de-Ucrania-1536x864.png 1536w, https:\/\/tdcenter.org\/wp-content\/uploads\/2025\/06\/TDC_Crecemiento-del-Sector-de-Defensa-de-Ucrania-18x10.png 18w, https:\/\/tdcenter.org\/wp-content\/uploads\/2025\/06\/TDC_Crecemiento-del-Sector-de-Defensa-de-Ucrania.png 1920w\" sizes=\"(max-width: 768px) 100vw, 768px\" \/>\n                            <\/div>\n                    <\/div><div class=\"eael-entry-wrapper\"><header class=\"eael-entry-header\"><h2 class=\"eael-entry-title\"><a class=\"eael-grid-post-link\" href=\"https:\/\/tdcenter.org\/es\/2025\/06\/12\/crecemiento-del-sector-de-defensa-de-ucrania\/\" title=\"Crecemiento del Sector de Defensa de Ucrania\">Crecemiento del Sector de Defensa de Ucrania<\/a><\/h2><\/header><div class=\"eael-entry-header-after style-two\"><div class=\"eael-entry-meta\"><span class=\"eael-meta-posted-on\"><i class=\"far fa-clock\"><\/i><time datetime=\"junio 12, 2025\">junio 12, 2025<\/time><\/span><\/div><\/div><\/div><\/div>\n    <\/div>\n<\/article><article class=\"eael-grid-post eael-post-grid-column\" data-id=\"29705\">\n    <div class=\"eael-grid-post-holder\">\n        <div class=\"eael-grid-post-holder-inner\"><div class=\"eael-entry-media\"><div class=\"eael-entry-overlay fade-in\"><i class=\"fas fa-long-arrow-alt-right\" aria-hidden=\"true\"><\/i><a href=\"https:\/\/tdcenter.org\/es\/2025\/05\/29\/civiles-ucranianos-detenidos-ilegalmente-por-rusia\/\"><\/a><\/div><div class=\"eael-entry-thumbnail eael-image-ratio\">\n                            <img loading=\"lazy\" decoding=\"async\" width=\"768\" height=\"432\" src=\"https:\/\/tdcenter.org\/wp-content\/uploads\/2025\/06\/TDC_Civiles-Ucranianos-Detenidos-Ilegalmente-por-Rusia-768x432.png\" class=\"attachment-medium_large size-medium_large wp-image-29707\" alt=\"\" srcset=\"https:\/\/tdcenter.org\/wp-content\/uploads\/2025\/06\/TDC_Civiles-Ucranianos-Detenidos-Ilegalmente-por-Rusia-768x432.png 768w, https:\/\/tdcenter.org\/wp-content\/uploads\/2025\/06\/TDC_Civiles-Ucranianos-Detenidos-Ilegalmente-por-Rusia-600x338.png 600w, https:\/\/tdcenter.org\/wp-content\/uploads\/2025\/06\/TDC_Civiles-Ucranianos-Detenidos-Ilegalmente-por-Rusia-1024x576.png 1024w, https:\/\/tdcenter.org\/wp-content\/uploads\/2025\/06\/TDC_Civiles-Ucranianos-Detenidos-Ilegalmente-por-Rusia-1536x864.png 1536w, https:\/\/tdcenter.org\/wp-content\/uploads\/2025\/06\/TDC_Civiles-Ucranianos-Detenidos-Ilegalmente-por-Rusia-18x10.png 18w, https:\/\/tdcenter.org\/wp-content\/uploads\/2025\/06\/TDC_Civiles-Ucranianos-Detenidos-Ilegalmente-por-Rusia.png 1920w\" sizes=\"(max-width: 768px) 100vw, 768px\" \/>\n                            <\/div>\n                    <\/div><div class=\"eael-entry-wrapper\"><header class=\"eael-entry-header\"><h2 class=\"eael-entry-title\"><a class=\"eael-grid-post-link\" href=\"https:\/\/tdcenter.org\/es\/2025\/05\/29\/civiles-ucranianos-detenidos-ilegalmente-por-rusia\/\" title=\"Civiles Ucranianos Detenidos Ilegalmente por Rusia\">Civiles Ucranianos Detenidos Ilegalmente por Rusia<\/a><\/h2><\/header><div class=\"eael-entry-header-after style-two\"><div class=\"eael-entry-meta\"><span class=\"eael-meta-posted-on\"><i class=\"far fa-clock\"><\/i><time datetime=\"mayo 29, 2025\">mayo 29, 2025<\/time><\/span><\/div><\/div><\/div><\/div>\n    <\/div>\n<\/article><\/div>\n            <div class=\"clearfix\"><\/div>\n        <\/div>            <div class=\"eael-load-more-button-wrap\">\n                <button class=\"eael-load-more-button\" id=\"eael-load-more-btn-65d15e2\" data-widget-id=\"65d15e2\" data-widget=\"65d15e2\" data-page-id=\"6865\" data-template=\"{&quot;dir&quot;:&quot;lite&quot;,&quot;file_name&quot;:&quot;two.php&quot;,&quot;name&quot;:&quot;Post-Grid&quot;}\" data-class=\"Essential_Addons_Elementor\\Elements\\Post_Grid\" data-layout=\"grid\" data-page=\"1\" data-args=\"orderby=date&amp;order=desc&amp;ignore_sticky_posts=1&amp;post_status=publish&amp;posts_per_page=12&amp;offset=0&amp;post_type=post&amp;tax_query%5B0%5D%5Btaxonomy%5D=category&amp;tax_query%5B0%5D%5Bfield%5D=term_id&amp;tax_query%5B0%5D%5Bterms%5D%5B0%5D=34&amp;tax_query%5Brelation%5D=AND\" data-max-page=\"8\">\n                    <span class=\"eael-btn-loader button__loader\"><\/span>\n                    <span class=\"eael_load_more_text\">Load More<\/span>\n                <\/button>\n            <\/div>\n            \t\t\t\t<\/div>\n\t\t\t\t<\/div>\n\t\t\t\t\t<\/div>\n\t\t<\/div>\n\t\t\t\t\t<\/div>\n\t\t<\/section>\n\t\t\t\t<\/div>","protected":false},"excerpt":{"rendered":"<p>INFOGRAPHICS Russia`s Economy under Sanctions September 4, 2025 Anti-corruption efforts in Ukraine August 21, 2025 Assault on Kyiv: Damage, Casualties and Alerts in 2025 August 6, 2025 The Unique Role of U.S. Military Aid July 24, 2025 Russia-North Korea Military Partnership July 10, 2025 Ukrainian UAVs in the War June 26, 2025 Ukraine&#8217;s Defense Sector [&hellip;]<\/p>","protected":false},"author":1,"featured_media":0,"parent":0,"menu_order":0,"comment_status":"closed","ping_status":"closed","template":"","meta":{"footnotes":""},"class_list":["post-6865","page","type-page","status-publish","hentry"],"mb":[],"yoast_head":"<!-- This site is optimized with the Yoast SEO Premium plugin v25.6 (Yoast SEO v25.6) - https:\/\/yoast.com\/wordpress\/plugins\/seo\/ -->\n<title>Infographics - Transatlantic Dialogue Center<\/title>\n<meta name=\"description\" content=\"Our infographics present our research and policy advice in an easily digestible format, covering topics related to Ukraine&#039;s bilateral relations with the United States, Germany, and Latin America\" \/>\n<meta name=\"robots\" content=\"index, follow, max-snippet:-1, max-image-preview:large, max-video-preview:-1\" \/>\n<link rel=\"canonical\" href=\"https:\/\/tdcenter.org\/es\/infographics\/\" \/>\n<meta property=\"og:locale\" content=\"es_ES\" \/>\n<meta property=\"og:type\" content=\"article\" \/>\n<meta property=\"og:title\" content=\"Infographics\" \/>\n<meta property=\"og:description\" content=\"Transatlantic Dialogue Center (TDC) is a non-governmental and non-partisan think tank that provides high-quality policy advice to private and public clients. The network of our friends and partners includes government officials, members of parliaments, businessmen, journalists, experts and analysts.\" \/>\n<meta property=\"og:url\" content=\"https:\/\/tdcenter.org\/es\/infographics\/\" \/>\n<meta property=\"og:site_name\" content=\"Transatlantic Dialogue Center\" \/>\n<meta property=\"article:publisher\" content=\"https:\/\/www.facebook.com\/Transatlantic-Dialogue-Center-105645698740463\" \/>\n<meta property=\"article:modified_time\" content=\"2025-10-22T11:07:56+00:00\" \/>\n<meta property=\"og:image\" content=\"https:\/\/tdcenter.org\/wp-content\/uploads\/2025\/08\/Russias-economy-under-sanctions.png\" \/>\n\t<meta property=\"og:image:width\" content=\"2400\" \/>\n\t<meta property=\"og:image:height\" content=\"1350\" \/>\n\t<meta property=\"og:image:type\" content=\"image\/png\" \/>\n<meta name=\"twitter:card\" content=\"summary_large_image\" \/>\n<meta name=\"twitter:label1\" content=\"Tiempo de lectura\" \/>\n\t<meta name=\"twitter:data1\" content=\"9 minutos\" \/>\n<script type=\"application\/ld+json\" class=\"yoast-schema-graph\">{\"@context\":\"https:\/\/schema.org\",\"@graph\":[{\"@type\":\"WebPage\",\"@id\":\"https:\/\/tdcenter.org\/infographics\/\",\"url\":\"https:\/\/tdcenter.org\/infographics\/\",\"name\":\"Infographics - Transatlantic Dialogue Center\",\"isPartOf\":{\"@id\":\"https:\/\/tdcenter.org\/#website\"},\"primaryImageOfPage\":{\"@id\":\"https:\/\/tdcenter.org\/infographics\/#primaryimage\"},\"image\":{\"@id\":\"https:\/\/tdcenter.org\/infographics\/#primaryimage\"},\"thumbnailUrl\":\"https:\/\/tdcenter.org\/wp-content\/uploads\/2025\/08\/Russias-economy-under-sanctions-768x432.png\",\"datePublished\":\"2022-10-21T10:47:07+00:00\",\"dateModified\":\"2025-10-22T11:07:56+00:00\",\"description\":\"Our infographics present our research and policy advice in an easily digestible format, covering topics related to Ukraine's bilateral relations with the United States, Germany, and Latin America\",\"breadcrumb\":{\"@id\":\"https:\/\/tdcenter.org\/infographics\/#breadcrumb\"},\"inLanguage\":\"es\",\"potentialAction\":[{\"@type\":\"ReadAction\",\"target\":[\"https:\/\/tdcenter.org\/infographics\/\"]}]},{\"@type\":\"ImageObject\",\"inLanguage\":\"es\",\"@id\":\"https:\/\/tdcenter.org\/infographics\/#primaryimage\",\"url\":\"https:\/\/tdcenter.org\/wp-content\/uploads\/2025\/08\/Russias-economy-under-sanctions-768x432.png\",\"contentUrl\":\"https:\/\/tdcenter.org\/wp-content\/uploads\/2025\/08\/Russias-economy-under-sanctions-768x432.png\"},{\"@type\":\"BreadcrumbList\",\"@id\":\"https:\/\/tdcenter.org\/infographics\/#breadcrumb\",\"itemListElement\":[{\"@type\":\"ListItem\",\"position\":1,\"name\":\"Home\",\"item\":\"https:\/\/tdcenter.org\/\"},{\"@type\":\"ListItem\",\"position\":2,\"name\":\"Infographics\"}]},{\"@type\":\"WebSite\",\"@id\":\"https:\/\/tdcenter.org\/#website\",\"url\":\"https:\/\/tdcenter.org\/\",\"name\":\"Transatlantic Dialogue Center\",\"description\":\"Promoting International Peace and Security\",\"publisher\":{\"@id\":\"https:\/\/tdcenter.org\/#organization\"},\"potentialAction\":[{\"@type\":\"SearchAction\",\"target\":{\"@type\":\"EntryPoint\",\"urlTemplate\":\"https:\/\/tdcenter.org\/?s={search_term_string}\"},\"query-input\":{\"@type\":\"PropertyValueSpecification\",\"valueRequired\":true,\"valueName\":\"search_term_string\"}}],\"inLanguage\":\"es\"},{\"@type\":\"Organization\",\"@id\":\"https:\/\/tdcenter.org\/#organization\",\"name\":\"Transatlantic Dialogue Center\",\"url\":\"https:\/\/tdcenter.org\/\",\"logo\":{\"@type\":\"ImageObject\",\"inLanguage\":\"es\",\"@id\":\"https:\/\/tdcenter.org\/#\/schema\/logo\/image\/\",\"url\":\"https:\/\/tdcenter.org\/wp-content\/uploads\/2022\/04\/google.png\",\"contentUrl\":\"https:\/\/tdcenter.org\/wp-content\/uploads\/2022\/04\/google.png\",\"width\":2568,\"height\":2487,\"caption\":\"Transatlantic Dialogue Center\"},\"image\":{\"@id\":\"https:\/\/tdcenter.org\/#\/schema\/logo\/image\/\"},\"sameAs\":[\"https:\/\/www.facebook.com\/Transatlantic-Dialogue-Center-105645698740463\",\"https:\/\/www.youtube.com\/channel\/UCpJuhU4JBfpv_jsldNOc5LA\"]}]}<\/script>\n<!-- \/ Yoast SEO Premium plugin. -->","yoast_head_json":{"title":"Infographics - Transatlantic Dialogue Center","description":"Our infographics present our research and policy advice in an easily digestible format, covering topics related to Ukraine's bilateral relations with the United States, Germany, and Latin America","robots":{"index":"index","follow":"follow","max-snippet":"max-snippet:-1","max-image-preview":"max-image-preview:large","max-video-preview":"max-video-preview:-1"},"canonical":"https:\/\/tdcenter.org\/es\/infographics\/","og_locale":"es_ES","og_type":"article","og_title":"Infographics","og_description":"Transatlantic Dialogue Center (TDC) is a non-governmental and non-partisan think tank that provides high-quality policy advice to private and public clients. The network of our friends and partners includes government officials, members of parliaments, businessmen, journalists, experts and analysts.","og_url":"https:\/\/tdcenter.org\/es\/infographics\/","og_site_name":"Transatlantic Dialogue Center","article_publisher":"https:\/\/www.facebook.com\/Transatlantic-Dialogue-Center-105645698740463","article_modified_time":"2025-10-22T11:07:56+00:00","og_image":[{"width":2400,"height":1350,"url":"https:\/\/tdcenter.org\/wp-content\/uploads\/2025\/08\/Russias-economy-under-sanctions.png","type":"image\/png"}],"twitter_card":"summary_large_image","twitter_misc":{"Tiempo de lectura":"9 minutos"},"schema":{"@context":"https:\/\/schema.org","@graph":[{"@type":"WebPage","@id":"https:\/\/tdcenter.org\/infographics\/","url":"https:\/\/tdcenter.org\/infographics\/","name":"Infographics - Transatlantic Dialogue Center","isPartOf":{"@id":"https:\/\/tdcenter.org\/#website"},"primaryImageOfPage":{"@id":"https:\/\/tdcenter.org\/infographics\/#primaryimage"},"image":{"@id":"https:\/\/tdcenter.org\/infographics\/#primaryimage"},"thumbnailUrl":"https:\/\/tdcenter.org\/wp-content\/uploads\/2025\/08\/Russias-economy-under-sanctions-768x432.png","datePublished":"2022-10-21T10:47:07+00:00","dateModified":"2025-10-22T11:07:56+00:00","description":"Our infographics present our research and policy advice in an easily digestible format, covering topics related to Ukraine's bilateral relations with the United States, Germany, and Latin America","breadcrumb":{"@id":"https:\/\/tdcenter.org\/infographics\/#breadcrumb"},"inLanguage":"es","potentialAction":[{"@type":"ReadAction","target":["https:\/\/tdcenter.org\/infographics\/"]}]},{"@type":"ImageObject","inLanguage":"es","@id":"https:\/\/tdcenter.org\/infographics\/#primaryimage","url":"https:\/\/tdcenter.org\/wp-content\/uploads\/2025\/08\/Russias-economy-under-sanctions-768x432.png","contentUrl":"https:\/\/tdcenter.org\/wp-content\/uploads\/2025\/08\/Russias-economy-under-sanctions-768x432.png"},{"@type":"BreadcrumbList","@id":"https:\/\/tdcenter.org\/infographics\/#breadcrumb","itemListElement":[{"@type":"ListItem","position":1,"name":"Home","item":"https:\/\/tdcenter.org\/"},{"@type":"ListItem","position":2,"name":"Infographics"}]},{"@type":"WebSite","@id":"https:\/\/tdcenter.org\/#website","url":"https:\/\/tdcenter.org\/","name":"Transatlantic Dialogue Center","description":"Promovemos la paz y la seguridad internacionales","publisher":{"@id":"https:\/\/tdcenter.org\/#organization"},"potentialAction":[{"@type":"SearchAction","target":{"@type":"EntryPoint","urlTemplate":"https:\/\/tdcenter.org\/?s={search_term_string}"},"query-input":{"@type":"PropertyValueSpecification","valueRequired":true,"valueName":"search_term_string"}}],"inLanguage":"es"},{"@type":"Organization","@id":"https:\/\/tdcenter.org\/#organization","name":"Transatlantic Dialogue Center","url":"https:\/\/tdcenter.org\/","logo":{"@type":"ImageObject","inLanguage":"es","@id":"https:\/\/tdcenter.org\/#\/schema\/logo\/image\/","url":"https:\/\/tdcenter.org\/wp-content\/uploads\/2022\/04\/google.png","contentUrl":"https:\/\/tdcenter.org\/wp-content\/uploads\/2022\/04\/google.png","width":2568,"height":2487,"caption":"Transatlantic Dialogue Center"},"image":{"@id":"https:\/\/tdcenter.org\/#\/schema\/logo\/image\/"},"sameAs":["https:\/\/www.facebook.com\/Transatlantic-Dialogue-Center-105645698740463","https:\/\/www.youtube.com\/channel\/UCpJuhU4JBfpv_jsldNOc5LA"]}]}},"mfb_rest_fields":["title","yoast_head","yoast_head_json","gutenberg_elementor_mode"],"_links":{"self":[{"href":"https:\/\/tdcenter.org\/es\/wp-json\/wp\/v2\/pages\/6865","targetHints":{"allow":["GET"]}}],"collection":[{"href":"https:\/\/tdcenter.org\/es\/wp-json\/wp\/v2\/pages"}],"about":[{"href":"https:\/\/tdcenter.org\/es\/wp-json\/wp\/v2\/types\/page"}],"author":[{"embeddable":true,"href":"https:\/\/tdcenter.org\/es\/wp-json\/wp\/v2\/users\/1"}],"replies":[{"embeddable":true,"href":"https:\/\/tdcenter.org\/es\/wp-json\/wp\/v2\/comments?post=6865"}],"version-history":[{"count":3,"href":"https:\/\/tdcenter.org\/es\/wp-json\/wp\/v2\/pages\/6865\/revisions"}],"predecessor-version":[{"id":32816,"href":"https:\/\/tdcenter.org\/es\/wp-json\/wp\/v2\/pages\/6865\/revisions\/32816"}],"wp:attachment":[{"href":"https:\/\/tdcenter.org\/es\/wp-json\/wp\/v2\/media?parent=6865"}],"curies":[{"name":"wp","href":"https:\/\/api.w.org\/{rel}","templated":true}]}}